{"id":1144,"date":"2016-07-27T13:58:36","date_gmt":"2016-07-27T12:58:36","guid":{"rendered":"http:\/\/www.marienoelle-jarousseau.com\/fr\/?page_id=1144"},"modified":"2018-10-05T20:20:03","modified_gmt":"2018-10-05T19:20:03","slug":"la-nature","status":"publish","type":"page","link":"https:\/\/www.marienoelle-jarousseau.com\/fr\/themes\/la-nature\/","title":{"rendered":"La nature"},"content":{"rendered":"<p>\t\t\t\t<img decoding=\"async\" src=\"http:\/\/www.marienoelle-jarousseau.com\/fr\/wp-content\/uploads\/2015\/09\/STYLO-1.jpeg\" alt=\"- connection directe-\" itemprop=\"image\"  \/><br \/>\n\t\t&#8211; connection directe-<\/p>\n<h2>\n\t\tECRITS  avec VISUEL<br \/>\n\t<\/h2>\n<p style=\"text-align: center;\"><em>Voici , quelques vibrations de passage,\u00a0<\/em><em>happ\u00e9es par un appareil photo fouineur\u00a0<\/em><em>et un stylo beau parleur&#8230;&#8230;<\/em><\/p>\n<p>\u00a0<\/p>\n<p><em><strong>Le monde qui me traverse&#8230;<\/strong><br \/>Inspir\u00e9 en novembre 2004<\/em><\/p>\n<p>\u00a0<\/p>\n<h2 style=\"text-align: left;\">\u00a0<\/h2>\n<h2 style=\"text-align: left;\">\u00a0 \u00a0 \u00a0 \u00a0 \u00a0\u00a0<strong>\u00a0 \u00a0Le \u00a0Vent<\/strong><\/h2>\n<p>\t\t\t\t<img decoding=\"async\" src=\"http:\/\/www.marienoelle-jarousseau.com\/fr\/wp-content\/uploads\/2015\/09\/la-cime-de-larbre-2.jpg\" alt=\"la cime de l'arbre 2\" itemprop=\"image\"  \/><\/p>\n<p>\u00a0<\/p>\n<p>Haut perch\u00e9e<br \/>Tout en haut de l\u2019Arbre<br \/>En haut, en haut<br \/>Je suis accroch\u00e9e<br \/>Qui pourrait m\u2019en d\u00e9loger\u00a0!<\/p>\n<p>Le Vent\u00a0?<\/p>\n<p>Le Vent est mon ami<br \/>Je joue avec lui cet apr\u00e8s-midi<br \/>Il s\u2019amuse \u00e0 me plier la t\u00eate<br \/>Mais c\u2019est, pour moi, une r\u00e9elle f\u00eate<br \/>J\u2019entra\u00eene feuilles et branches<br \/>Dans une valse incessante<\/p>\n<p>Attention\u00a0! voil\u00e0 le Vent<\/p>\n<p>Tenez-vous bien<br \/>C\u2019est le Festin\u00a0!!!!!!!!<\/p>\n<p>Oh.<br \/>Oh,oh\u2026\u2026\u2026.\u00a0<br \/>Oooooooooooooooooh<\/p>\n<p>Oooooooooh<\/p>\n<p>Oooooooooooooooooooooooooooooh<\/p>\n<p>On plie \u00e0 droite<br \/>On se rel\u00e8ve<br \/>On plie \u00e0 gauche<br \/>Demi-tour droite<br \/>Tourniquet avant<br \/>Louping arri\u00e8re<\/p>\n<p>Repos\u2026\u2026\u2026\u2026\u2026.\u00a0<\/p>\n<p>Ouf !<\/p>\n<p>Les feuilles rient aux \u00e9clats<br \/>De ces tendres \u00e9bats<br \/>Rel\u00e8vent leurs t\u00eates \u00e9bouriff\u00e9es<br \/>Et rient de se voir ainsi d\u00e9coiff\u00e9es<\/p>\n<p>Les branches tendent la t\u00eate<br \/>Fi\u00e8res de telles prouesses<br \/>Se\u00a0solidifient pour mieux prot\u00e9ger<br \/>Toute la petite maisonn\u00e9e<br \/>Regard protecteur<br \/>Sur leurs enfants feuilles<br \/>Qui dans ce jeu batifolent<\/p>\n<p>Tout le monde est l\u00e0\u00a0?<\/p>\n<p>S\u2019amuser, c\u2019est bien<br \/>Mais il ne s\u2019agit point<br \/>De perdre quelque b\u00e9b\u00e9 en chemin<\/p>\n<p>L\u2019\u00e9cho de ces rires charmants<br \/>De cime en cime se r\u00e9pand<br \/>Le Vent, ce coquin farceur<br \/>D\u00e9lire en elles avec bonheur<br \/>Tout en<br \/>Les caressant<br \/>Les bousculant<br \/>Les enveloppant<br \/>Les aimant<br \/>Tendrement<br \/>De son chant envo\u00fbtant<\/p>\n<p>Et, oh<br \/>C\u2019est reparti\u00a0!!!!<\/p>\n<p>Oh l\u00e0\u2026\u2026<br \/>Ou la la\u2026\u2026\u2026\u2026\u2026\u2026<br \/>E\u00e9\u00e9\u00e9\u00e9\u00e9\u00e9\u00e9\u2026\u2026\u2026\u2026\u2026\u2026\u2026\u2026\u2026\u2026\u2026\u2026..<\/p>\n<p>Waouh\u00a0!!!!!!!!!!!!!!!!!!!!!!!!!<\/p>\n<p>Pas si fort, Vent<br \/>Tu viens de nous faire plier<br \/>Si pr\u00e8s du sol<br \/>Que nos t\u00eates<br \/>En sont toutes folles<br \/>Nous sommes toutes \u00e9tourdies<br \/>Et avons bien besoin<br \/>D\u2019un peu de r\u00e9pit<br \/>Laisse-nous refaire toilette<br \/>Avant de repartir en goguette<\/p>\n<p>A bient\u00f4t<\/p>\n<p>Tendre fr\u00e8re<\/p>\n<p>\u00a0<\/p>\n<p><em><strong>Marie-No\u00eblle Jarousseau<\/strong><\/em><\/p>\n","protected":false},"excerpt":{"rendered":"<p>&#8211; connection directe- ECRITS avec VISUEL Voici , quelques vibrations de passage,\u00a0happ\u00e9es par un appareil photo fouineur\u00a0et un stylo beau parleur&#8230;&#8230; \u00a0 Le monde qui me traverse&#8230;Inspir\u00e9 en novembre 2004 \u00a0 \u00a0 \u00a0 \u00a0 \u00a0 \u00a0 \u00a0\u00a0\u00a0 \u00a0Le \u00a0Vent \u00a0 Haut perch\u00e9eTout en haut de l\u2019ArbreEn haut, en hautJe suis accroch\u00e9eQui pourrait m\u2019en d\u00e9loger\u00a0! Le&hellip;<\/p>\n","protected":false},"author":3,"featured_media":0,"parent":1326,"menu_order":6,"comment_status":"closed","ping_status":"closed","template":"","meta":{"footnotes":""},"class_list":["post-1144","page","type-page","status-publish","hentry"],"yoast_head":"<!-- This site is optimized with the Yoast SEO plugin v27.4 - https:\/\/yoast.com\/product\/yoast-seo-wordpress\/ -->\n<title>La nature - Marie-No\u00eblle Jarousseau - Artiste<\/title>\n<meta name=\"robots\" content=\"index, follow, max-snippet:-1, max-image-preview:large, max-video-preview:-1\" \/>\n<link rel=\"canonical\" href=\"https:\/\/www.marienoelle-jarousseau.com\/fr\/themes\/la-nature\/\" \/>\n<meta property=\"og:locale\" content=\"fr_FR\" \/>\n<meta property=\"og:type\" content=\"article\" \/>\n<meta property=\"og:title\" content=\"La nature - Marie-No\u00eblle Jarousseau - Artiste\" \/>\n<meta property=\"og:description\" content=\"&#8211; connection directe- ECRITS avec VISUEL Voici , quelques vibrations de passage,\u00a0happ\u00e9es par un appareil photo fouineur\u00a0et un stylo beau parleur&#8230;&#8230; \u00a0 Le monde qui me traverse&#8230;Inspir\u00e9 en novembre 2004 \u00a0 \u00a0 \u00a0 \u00a0 \u00a0 \u00a0 \u00a0\u00a0\u00a0 \u00a0Le \u00a0Vent \u00a0 Haut perch\u00e9eTout en haut de l\u2019ArbreEn haut, en hautJe suis accroch\u00e9eQui pourrait m\u2019en d\u00e9loger\u00a0! Le&hellip;\" \/>\n<meta property=\"og:url\" content=\"https:\/\/www.marienoelle-jarousseau.com\/fr\/themes\/la-nature\/\" \/>\n<meta property=\"og:site_name\" content=\"Marie-No\u00eblle Jarousseau - Artiste\" \/>\n<meta property=\"article:modified_time\" content=\"2018-10-05T19:20:03+00:00\" \/>\n<meta property=\"og:image\" content=\"http:\/\/www.marienoelle-jarousseau.com\/fr\/wp-content\/uploads\/2015\/09\/STYLO-1.jpeg\" \/>\n<meta name=\"twitter:card\" content=\"summary_large_image\" \/>\n<meta name=\"twitter:label1\" content=\"Dur\u00e9e de lecture estim\u00e9e\" \/>\n\t<meta name=\"twitter:data1\" content=\"1 minute\" \/>\n<script type=\"application\/ld+json\" class=\"yoast-schema-graph\">{\"@context\":\"https:\\\/\\\/schema.org\",\"@graph\":[{\"@type\":\"WebPage\",\"@id\":\"https:\\\/\\\/www.marienoelle-jarousseau.com\\\/fr\\\/themes\\\/la-nature\\\/\",\"url\":\"https:\\\/\\\/www.marienoelle-jarousseau.com\\\/fr\\\/themes\\\/la-nature\\\/\",\"name\":\"La nature - Marie-No\u00eblle Jarousseau - Artiste\",\"isPartOf\":{\"@id\":\"https:\\\/\\\/www.marienoelle-jarousseau.com\\\/fr\\\/#website\"},\"primaryImageOfPage\":{\"@id\":\"https:\\\/\\\/www.marienoelle-jarousseau.com\\\/fr\\\/themes\\\/la-nature\\\/#primaryimage\"},\"image\":{\"@id\":\"https:\\\/\\\/www.marienoelle-jarousseau.com\\\/fr\\\/themes\\\/la-nature\\\/#primaryimage\"},\"thumbnailUrl\":\"http:\\\/\\\/www.marienoelle-jarousseau.com\\\/fr\\\/wp-content\\\/uploads\\\/2015\\\/09\\\/STYLO-1.jpeg\",\"datePublished\":\"2016-07-27T12:58:36+00:00\",\"dateModified\":\"2018-10-05T19:20:03+00:00\",\"breadcrumb\":{\"@id\":\"https:\\\/\\\/www.marienoelle-jarousseau.com\\\/fr\\\/themes\\\/la-nature\\\/#breadcrumb\"},\"inLanguage\":\"fr-FR\",\"potentialAction\":[{\"@type\":\"ReadAction\",\"target\":[\"https:\\\/\\\/www.marienoelle-jarousseau.com\\\/fr\\\/themes\\\/la-nature\\\/\"]}]},{\"@type\":\"ImageObject\",\"inLanguage\":\"fr-FR\",\"@id\":\"https:\\\/\\\/www.marienoelle-jarousseau.com\\\/fr\\\/themes\\\/la-nature\\\/#primaryimage\",\"url\":\"http:\\\/\\\/www.marienoelle-jarousseau.com\\\/fr\\\/wp-content\\\/uploads\\\/2015\\\/09\\\/STYLO-1.jpeg\",\"contentUrl\":\"http:\\\/\\\/www.marienoelle-jarousseau.com\\\/fr\\\/wp-content\\\/uploads\\\/2015\\\/09\\\/STYLO-1.jpeg\"},{\"@type\":\"BreadcrumbList\",\"@id\":\"https:\\\/\\\/www.marienoelle-jarousseau.com\\\/fr\\\/themes\\\/la-nature\\\/#breadcrumb\",\"itemListElement\":[{\"@type\":\"ListItem\",\"position\":1,\"name\":\"Accueil\",\"item\":\"https:\\\/\\\/www.marienoelle-jarousseau.com\\\/fr\\\/\"},{\"@type\":\"ListItem\",\"position\":2,\"name\":\"THEMES\",\"item\":\"https:\\\/\\\/www.marienoelle-jarousseau.com\\\/fr\\\/themes\\\/\"},{\"@type\":\"ListItem\",\"position\":3,\"name\":\"La nature\"}]},{\"@type\":\"WebSite\",\"@id\":\"https:\\\/\\\/www.marienoelle-jarousseau.com\\\/fr\\\/#website\",\"url\":\"https:\\\/\\\/www.marienoelle-jarousseau.com\\\/fr\\\/\",\"name\":\"Marie-No\u00eblle Jarousseau - Artiste\",\"description\":\"\",\"potentialAction\":[{\"@type\":\"SearchAction\",\"target\":{\"@type\":\"EntryPoint\",\"urlTemplate\":\"https:\\\/\\\/www.marienoelle-jarousseau.com\\\/fr\\\/?s={search_term_string}\"},\"query-input\":{\"@type\":\"PropertyValueSpecification\",\"valueRequired\":true,\"valueName\":\"search_term_string\"}}],\"inLanguage\":\"fr-FR\"}]}<\/script>\n<!-- \/ Yoast SEO plugin. -->","yoast_head_json":{"title":"La nature - Marie-No\u00eblle Jarousseau - Artiste","robots":{"index":"index","follow":"follow","max-snippet":"max-snippet:-1","max-image-preview":"max-image-preview:large","max-video-preview":"max-video-preview:-1"},"canonical":"https:\/\/www.marienoelle-jarousseau.com\/fr\/themes\/la-nature\/","og_locale":"fr_FR","og_type":"article","og_title":"La nature - Marie-No\u00eblle Jarousseau - Artiste","og_description":"&#8211; connection directe- ECRITS avec VISUEL Voici , quelques vibrations de passage,\u00a0happ\u00e9es par un appareil photo fouineur\u00a0et un stylo beau parleur&#8230;&#8230; \u00a0 Le monde qui me traverse&#8230;Inspir\u00e9 en novembre 2004 \u00a0 \u00a0 \u00a0 \u00a0 \u00a0 \u00a0 \u00a0\u00a0\u00a0 \u00a0Le \u00a0Vent \u00a0 Haut perch\u00e9eTout en haut de l\u2019ArbreEn haut, en hautJe suis accroch\u00e9eQui pourrait m\u2019en d\u00e9loger\u00a0! Le&hellip;","og_url":"https:\/\/www.marienoelle-jarousseau.com\/fr\/themes\/la-nature\/","og_site_name":"Marie-No\u00eblle Jarousseau - Artiste","article_modified_time":"2018-10-05T19:20:03+00:00","og_image":[{"url":"http:\/\/www.marienoelle-jarousseau.com\/fr\/wp-content\/uploads\/2015\/09\/STYLO-1.jpeg","type":"","width":"","height":""}],"twitter_card":"summary_large_image","twitter_misc":{"Dur\u00e9e de lecture estim\u00e9e":"1 minute"},"schema":{"@context":"https:\/\/schema.org","@graph":[{"@type":"WebPage","@id":"https:\/\/www.marienoelle-jarousseau.com\/fr\/themes\/la-nature\/","url":"https:\/\/www.marienoelle-jarousseau.com\/fr\/themes\/la-nature\/","name":"La nature - Marie-No\u00eblle Jarousseau - Artiste","isPartOf":{"@id":"https:\/\/www.marienoelle-jarousseau.com\/fr\/#website"},"primaryImageOfPage":{"@id":"https:\/\/www.marienoelle-jarousseau.com\/fr\/themes\/la-nature\/#primaryimage"},"image":{"@id":"https:\/\/www.marienoelle-jarousseau.com\/fr\/themes\/la-nature\/#primaryimage"},"thumbnailUrl":"http:\/\/www.marienoelle-jarousseau.com\/fr\/wp-content\/uploads\/2015\/09\/STYLO-1.jpeg","datePublished":"2016-07-27T12:58:36+00:00","dateModified":"2018-10-05T19:20:03+00:00","breadcrumb":{"@id":"https:\/\/www.marienoelle-jarousseau.com\/fr\/themes\/la-nature\/#breadcrumb"},"inLanguage":"fr-FR","potentialAction":[{"@type":"ReadAction","target":["https:\/\/www.marienoelle-jarousseau.com\/fr\/themes\/la-nature\/"]}]},{"@type":"ImageObject","inLanguage":"fr-FR","@id":"https:\/\/www.marienoelle-jarousseau.com\/fr\/themes\/la-nature\/#primaryimage","url":"http:\/\/www.marienoelle-jarousseau.com\/fr\/wp-content\/uploads\/2015\/09\/STYLO-1.jpeg","contentUrl":"http:\/\/www.marienoelle-jarousseau.com\/fr\/wp-content\/uploads\/2015\/09\/STYLO-1.jpeg"},{"@type":"BreadcrumbList","@id":"https:\/\/www.marienoelle-jarousseau.com\/fr\/themes\/la-nature\/#breadcrumb","itemListElement":[{"@type":"ListItem","position":1,"name":"Accueil","item":"https:\/\/www.marienoelle-jarousseau.com\/fr\/"},{"@type":"ListItem","position":2,"name":"THEMES","item":"https:\/\/www.marienoelle-jarousseau.com\/fr\/themes\/"},{"@type":"ListItem","position":3,"name":"La nature"}]},{"@type":"WebSite","@id":"https:\/\/www.marienoelle-jarousseau.com\/fr\/#website","url":"https:\/\/www.marienoelle-jarousseau.com\/fr\/","name":"Marie-No\u00eblle Jarousseau - Artiste","description":"","potentialAction":[{"@type":"SearchAction","target":{"@type":"EntryPoint","urlTemplate":"https:\/\/www.marienoelle-jarousseau.com\/fr\/?s={search_term_string}"},"query-input":{"@type":"PropertyValueSpecification","valueRequired":true,"valueName":"search_term_string"}}],"inLanguage":"fr-FR"}]}},"_links":{"self":[{"href":"https:\/\/www.marienoelle-jarousseau.com\/fr\/wp-json\/wp\/v2\/pages\/1144","targetHints":{"allow":["GET"]}}],"collection":[{"href":"https:\/\/www.marienoelle-jarousseau.com\/fr\/wp-json\/wp\/v2\/pages"}],"about":[{"href":"https:\/\/www.marienoelle-jarousseau.com\/fr\/wp-json\/wp\/v2\/types\/page"}],"author":[{"embeddable":true,"href":"https:\/\/www.marienoelle-jarousseau.com\/fr\/wp-json\/wp\/v2\/users\/3"}],"replies":[{"embeddable":true,"href":"https:\/\/www.marienoelle-jarousseau.com\/fr\/wp-json\/wp\/v2\/comments?post=1144"}],"version-history":[{"count":0,"href":"https:\/\/www.marienoelle-jarousseau.com\/fr\/wp-json\/wp\/v2\/pages\/1144\/revisions"}],"up":[{"embeddable":true,"href":"https:\/\/www.marienoelle-jarousseau.com\/fr\/wp-json\/wp\/v2\/pages\/1326"}],"wp:attachment":[{"href":"https:\/\/www.marienoelle-jarousseau.com\/fr\/wp-json\/wp\/v2\/media?parent=1144"}],"curies":[{"name":"wp","href":"https:\/\/api.w.org\/{rel}","templated":true}]}}