{"id":131,"date":"2015-10-01T18:44:42","date_gmt":"2015-10-01T17:44:42","guid":{"rendered":"http:\/\/www.marienoelle-jarousseau.com\/fr\/?page_id=131"},"modified":"2025-11-07T09:32:09","modified_gmt":"2025-11-07T08:32:09","slug":"dessins-fixes","status":"publish","type":"page","link":"https:\/\/www.marienoelle-jarousseau.com\/fr\/galeries\/dessins-fixes\/","title":{"rendered":"Dessins fixes"},"content":{"rendered":"\n\n\t<h3><em>Voyage dans \u00a0\u00a0\u00bb La Mati\u00e8re&#8230;\u00a0\u00bb<\/em><\/h3>\n\t<h2>Dessins \u00a0Fixes<\/h2>\n<p><em>Toute Cr\u00e9ation, si petite soit-elle, si vari\u00e9e soit-elle est Une Emergence de l&rsquo;Infini<\/em><\/p>\n<p><em>Tout Est Beaut\u00e9 en Soi<\/em><\/p>\n<p>&nbsp;<\/p>\n\t\t\t\t<img decoding=\"async\" src=\"https:\/\/www.marienoelle-jarousseau.com\/fr\/wp-content\/uploads\/2023\/03\/229-loeil-observateur-sign-web.jpg\" alt=\"auto-portrait : l'Oeil observateur - pastel\" itemprop=\"image\" height=\"1646\" width=\"1200\" title=\"229---l'oeil-observateur-sign-web\" onerror=\"this.style.display='none'\" loading=\"lazy\" \/>\n\t\tauto-portrait : l&rsquo;Oeil observateur &#8211; pastel\n\t\t\t\t<img decoding=\"async\" src=\"http:\/\/www.marienoelle-jarousseau.com\/fr\/wp-content\/uploads\/2015\/10\/7-Web-LA-MAIN-TRANQUILLE-1-sign.com-crayon-de-bois-305-x-425-fe\u0301v-1992.jpg\" alt=\"LA MAIN TRANQUILLE - Crayon - 30,5 x 42,5\" itemprop=\"image\" title=\"7-Web-LA-MAIN-TRANQUILLE-1--sign.com-crayon-de-bois--30,5-x-42,5--fe\u0301v-1992\" onerror=\"this.style.display='none'\" loading=\"lazy\" \/>\n\t\tLA MAIN TRANQUILLE &#8211; Crayon &#8211; 30,5 x 42,5\n\t\t\t\t<a href=\"http:\/\/www.marienoelle-jarousseau.com\/fr\/test\/\"  target=\"_self\" itemprop=\"url\">\n\t\t\t\t<img decoding=\"async\" src=\"http:\/\/www.marienoelle-jarousseau.com\/fr\/wp-content\/uploads\/2015\/10\/8-Web-LA-MAIN-SEVEILLE-3-sign.com-crayon-de-bois-305-x-425-mars-1992.jpg\" alt=\" LA MAIN S'EVEILLE -Crayon - 30,5 x 42,5\" itemprop=\"image\" title=\"8-Web-LA-MAIN-S'EVEILLE--3-sign.com-crayon-de-bois--30,5-x-42,5--mars-1992\" onerror=\"this.style.display='none'\" loading=\"lazy\" \/>\n\t\t\t\t<\/a>\n\t\t LA MAIN S&rsquo;EVEILLE -Crayon &#8211; 30,5 x 42,5\n\t\t\t\t<img decoding=\"async\" src=\"http:\/\/www.marienoelle-jarousseau.com\/fr\/wp-content\/uploads\/2015\/10\/12-Web-LA-MAIN-ECHANGE-2-sign.com-crayon-de-bois-305-x-425-avril-1993-.jpg\" alt=\"LA MAIN ECHANGE  -Crayon - 30,5 x 2,5\" itemprop=\"image\" title=\"12-Web-LA-MAIN-ECHANGE--2-sign.com--crayon-de-bois--30,5-x-42,5--avril-1993-\" onerror=\"this.style.display='none'\" loading=\"lazy\" \/>\n\t\tLA MAIN ECHANGE  -Crayon &#8211; 30,5 x 2,5\n\t<blockquote>\n<h5><strong>SAINT &#8211; PROCULE\u00a0<\/strong><\/h5>\n<\/blockquote>\n<br \/>\nQuel est ce petit sourire narquois<br \/>\nQu&rsquo;imperceptiblement tu nous octroies<br \/>\nTon regard malicieux<br \/>\nSemble pr\u00e9sager bien d&rsquo;autres cieux\n<p>&#8230;&#8230;..<\/p>\nTon image affiche ta d\u00e9termination<br \/>\nTon ardeur incessante \u00e0 partir au front<br \/>\nRien ne t&rsquo;arr\u00eate dans tes projets<br \/>\nQue tu sais, bient\u00f4t, devenir f\u00eate\nTout en Toi<br \/>\nRespire force et puissance<br \/>\nChevelure \u00e9paisse<br \/>\nMuscles parfaits<br \/>\nOssature solide<br \/>\nCorps \u00e9quilibre\nCe v\u00e9hicule que tu t&rsquo;es choisi<br \/>\nPour traverser cette si riche Vie<br \/>\nPour r\u00e9aliser l&rsquo;immensit\u00e9 de tes objets<br \/>\nRenvoie de Toi l&rsquo;image d&rsquo;un guerrier\n\t<p><em>(suite 2)<\/em><\/p>\n<em>Je pars au combat,<br \/>\n<\/em><em>Dites-vous,<\/em>\n<em>C&rsquo;est ce que vous croyez<br \/>\n<\/em><em>C&rsquo;est ainsi que vous me voyez<br \/>\n<\/em><em>C&rsquo;est le nom que vous semblez me donner&#8230;<\/em>\n<p><em>\u00ab\u00a0Guerrier\u00a0\u00bb<\/em><\/p>\n<em>Soit<br \/>\n<\/em><em>Je suis un guerrier<br \/>\n<\/em><em>Si tant est que je suis d\u00e9termin\u00e9<br \/>\n<\/em><em>Qu&rsquo;au bout je m\u00e8ne mes projets<br \/>\n<\/em><em>Que de ma Vie j&rsquo;assume mes choix<br \/>\n<\/em><em>Et me sens pleinement responsable<br \/>\n<\/em><em>De ce que j&rsquo;octroie<\/em>\n<p><em>Soit<\/em><\/p>\n<em>Mais<br \/>\n<\/em><em>Si vous ne choisissez que l&rsquo;apparence<br \/>\n<\/em><em>Vous ne pourrez entendre Ma Romance<\/em>\n<p>&nbsp;<\/p>\n<em>Mon combat \u00e0 Moi<br \/>\n<\/em><em>N&rsquo;a rien de guerrier<br \/>\n<\/em><em>Au sens ou vous l&rsquo;entendez&#8230;\u00a0\u00bb<\/em>\n\t<p><em>(suite 3)<\/em><\/p>\nLe Silence \u00e0 nouveau se referme sur Toi<br \/>\nTu n&rsquo;as pas par habitude d&rsquo;imposer ta loi\nMais quel guerrier\u00a0?<br \/>\nA nous de le devinez\u00a0!\n<em><br \/>\n<\/em>Quel est ce petit sourire narquois<br \/>\nQu&rsquo;imperceptiblement tu nous renvoies\u00a0?\n<br \/>\n<em>\u00ab\u00a0&#8230;Point n&rsquo;est de myst\u00e8re<\/em><br \/>\n<em>A qui sait Voir Derri\u00e8re..<\/em>.\u00a0\u00bb<br \/>\n\n<p>&nbsp;<\/p>\nDerri\u00e8re ???<br \/>\nDerri\u00e8re o\u00f9\u00a0?<br \/>\nDerri\u00e8re quoi\u00a0?<br \/>\nDerri\u00e8re ce Regard\u00a0!\nCe regard en dit long sur Toi<br \/>\nSur ce qu&rsquo;enferme tes \u00e9mois<br \/>\nSur l&rsquo;Essence m\u00eame qui \u00e9mane de Toi\n<p>\u00a0<\/p>\n\t<p>&nbsp;<\/p>\n<p><em>(suite 4)<\/em><\/p>\nIl suffit de se plonger dans Ton Regard<br \/>\nD&rsquo;observer l&rsquo;Expression de Ton Visage<br \/>\nPour d\u00e9couvrir sous cette illusoire carapace\n<br \/>\n<em>Un C\u0153ur tendre et g\u00e9n\u00e9reux<\/em><br \/>\n<em>Une Ame offerte et chaleureuse<\/em>\n<p>&nbsp;<\/p>\nQuelle Profondeur<br \/>\nQuelle Richesse anime Ton Pas\n<p>&nbsp;<\/p>\nLe Rayonnement qui \u00e9mane de Toi<br \/>\nEmplit ce corps<br \/>\nEt le transforme en beffroi\nUn corps d&rsquo;athl\u00e8te<br \/>\nAnim\u00e9 d&rsquo;une Lumi\u00e8re C\u00e9leste\n\t\t\t\t<img decoding=\"async\" src=\"https:\/\/www.marienoelle-jarousseau.com\/fr\/wp-content\/uploads\/2015\/10\/36-Web-DAVID-OU-ST-PROCULE-1-sign.com-crayon-32x42-de\u0301c-1994-Janv-2003.jpg\" alt=\" Saint-Procule\" itemprop=\"image\" height=\"1476\" width=\"1165\" title=\"36-Web-DAVID-OU-ST-PROCULE-1-sign.com--crayon---32x42---de\u0301c-1994-&amp;-Janv-2003\" onerror=\"this.style.display='none'\" loading=\"lazy\" \/>\n\t\t Saint-Procule\n\t<p><em>(suite 5)<\/em><\/p>\nCette merveilleuse composition<br \/>\nChante tendrement \u00e0 l&rsquo;unisson<br \/>\nPour illuminer ton horizon\n<p>Un guerrier<\/p>\nMais le mot seul est inad\u00e9quat<br \/>\nComme tronqu\u00e9 de Ta Seule V\u00e9rit\u00e9\n<p>Oui<\/p>\nV\u00e9rit\u00e9 d&rsquo;Amour f\u00e9\u00e9rique<br \/>\nQui fait de Toi\n<p><em>Un simple <\/em><\/p>\n<p><em>\u00a0<\/em><\/p>\n<p><strong><em>\u00ab\u00a0Guerrier Pacifique\u00a0\u00bb<\/em><\/strong><\/p>\n<strong><em><br \/>\n<\/em><\/strong>C&rsquo;est cela Toi en globalit\u00e9<br \/>\nDans ce que tu choisis d&rsquo;\u00e9maner<br \/>\nC&rsquo;est ce qui rayonne de Toi<br \/>\nEn toute c\u00e9l\u00e9rit\u00e9\nMais avec Tendresse et Humilit\u00e9<br \/>\nA qui sait bien te regarder\n\t<p><em>(suite 6)<\/em><\/p>\n<p>Mais<\/p>\n<p>\u00c0 propos<\/p>\n<p>Dis-moi,<\/p>\nTon vrai nom<br \/>\nEst Saint Procule\u00a0?<br \/>\nHomme pieux<br \/>\nHomme de culte<br \/>\nSi effac\u00e9 pourtant<br \/>\nMais pas moins conqu\u00e9rant<br \/>\nD&rsquo;un monde en plein tourment\n\t<p><em>(suite 7)<\/em><\/p>\n\u00c9tonnante similitude de personnage<br \/>\nQui<br \/>\nTant d&rsquo;ann\u00e9es plus tard<br \/>\nTa silhouette par hasard<br \/>\nNous fait rappeler David<br \/>\nImage plus flagrante, plus percutante<br \/>\nDans nos m\u00e9moires persistantes\nConqu\u00e9rant<br \/>\nQui<br \/>\nComme Toi<br \/>\nFid\u00e8lement<br \/>\nSuivait son firmament\n\t<p><em>(suite 8)<\/em><\/p>\n<p><em>Peu importe l&rsquo;Identit\u00e9<\/em><\/p>\n<p><strong><em>Nous sommes UN d&rsquo;Eternit\u00e9<\/em><\/strong><\/p>\n<em>Dis-tu,<br \/>\n<\/em><strong><em><br \/>\n<\/em><em>Nous baignons dans la m\u00eame f\u00e9licit\u00e9<\/em><em><br \/>\n<\/em><em>Nous volons avec C\u00e9l\u00e9rit\u00e9<br \/>\n<\/em><em>Vers la m\u00eame Destin\u00e9e<br \/>\n<\/em><em>C&rsquo;est ce qui fait de NOUS<\/em><\/strong>\n<p><strong><em>Unis<\/em><\/strong><\/p>\n<p><strong><em>\u00a0<\/em><em>Un Etre Unique<\/em><\/strong><\/p>\n<p><strong><em>\u00a0<\/em><\/strong><strong><em><strong>L&rsquo;INFINI<\/strong><\/em><\/strong><\/p>\n<p>MNJ<\/p>\n\t\t\t\t<img decoding=\"async\" src=\"http:\/\/www.marienoelle-jarousseau.com\/fr\/wp-content\/uploads\/2015\/10\/26-Web-PERSPECTIVE-PIERRES-2-sign.com-rotring-et-aquarelle-sur-papier-67-x-87-nov-1994-.jpg\" alt=\"PERSPECTIVE &amp; PIERRES - Rotring et aquarelle 67 x 87\" itemprop=\"image\" title=\"26-Web-PERSPECTIVE--&amp;--PIERRES-2-sign.com-rotring-et-aquarelle-sur-papier--67-x-87--nov-1994-\" onerror=\"this.style.display='none'\" loading=\"lazy\" \/>\n\t\tPERSPECTIVE &amp; PIERRES &#8211; Rotring et aquarelle 67 x 87\n\t\t\t\t<img decoding=\"async\" src=\"http:\/\/www.marienoelle-jarousseau.com\/fr\/wp-content\/uploads\/2015\/10\/14-Web-DOUCE-MUSE-2-sign.com-crayon-de-bois-50-x-58-mai-1993.jpg\" alt=\"DOUCE MUSE \" itemprop=\"image\" title=\"14-Web--DOUCE-MUSE--2--sign.com--crayon-de-bois--50-x-58--mai-1993\" onerror=\"this.style.display='none'\" loading=\"lazy\" \/>\n\t\tDOUCE MUSE \n\t\t\t\t<img decoding=\"async\" src=\"http:\/\/www.marienoelle-jarousseau.com\/fr\/wp-content\/uploads\/2015\/10\/22-Web-PERSPECTIVE-2-sign.com-NOIR-ET-BLANC-rotring-86-x-66-fe\u0301v-1995-.jpg\" alt=\"PERSPECTIVE NOIR ET BLANC  - Rotring 86 x 66\" itemprop=\"image\" title=\"22-Web-PERSPECTIVE-2--sign.com-NOIR-ET-BLANC--rotring--86-x-66--fe\u0301v-1995-\" onerror=\"this.style.display='none'\" loading=\"lazy\" \/>\n\t\tPERSPECTIVE NOIR ET BLANC  &#8211; Rotring 86 x 66\n\t\t\t\t<img decoding=\"async\" src=\"https:\/\/www.marienoelle-jarousseau.com\/fr\/wp-content\/uploads\/2023\/03\/120-LE-MIROIR-nb-sign-web.jpg\" alt=\"Le miroir\" itemprop=\"image\" height=\"2120\" width=\"1092\" title=\"120---LE-MIROIR-n&amp;b-sign-web\" onerror=\"this.style.display='none'\" loading=\"lazy\" \/>\n\t\tLe miroir\n\t<blockquote>\n<h5><strong>HOMMAGE \u00a0\u00c0\u00a0 l&rsquo;AMOUR<\/strong><\/h5>\n<\/blockquote>\nAvec humour,<br \/>\nTu as travers\u00e9 la Vie<br \/>\nA pas de velours,<br \/>\nSeul,<br \/>\nSans bruit,<br \/>\nTu es reparti&#8230;.<br \/>\nTon immense largesse<br \/>\nFut, pour nous,<br \/>\nLiesse, all\u00e9gresse<br \/>\nDe l&rsquo;autre c\u00f4t\u00e9 du Voile<br \/>\nTu nous contemples&#8230;&#8230;&#8230;<br \/>\nNous,<br \/>\nEncore minuscules Petites Etoiles\n\t<p>&nbsp;<\/p>\n<p><em>(suite 2)<\/em><\/p>\n<p>Bonjour\u00a0!<\/p>\n<p>Bonjour, adorable petit farceur&#8230;&#8230;<\/p>\nNos yeux humains<br \/>\nNe te voient point,\n<p>Mais,<\/p>\n<p>Nos Ames \u00e9merveill\u00e9es,<\/p>\n<p>Avec Toi,<\/p>\n<p>Ne cessent de se r\u00e9galer\u00a0!<\/p>\n<p>&nbsp;<\/p>\n\t<p>&nbsp;<\/p>\n<p><em>(suite 3)<\/em><\/p>\nNous avons maintenant l&rsquo;Eternit\u00e9<br \/>\nPour,<br \/>\nEnsemble,\n<p>Rire,\u00a0 Chanter,\u00a0\u00a0 Palabrer&#8230;..Jouer\u00a0!<\/p>\n<p>Et,<\/p>\nEn toute Libert\u00e9,<br \/>\nTout simplement,\n<p>Eternellement\u00a0:<\/p>\n<p>Nous&#8230;..\u00a0\u00a0\u00a0\u00a0\u00a0\u00a0 AIMER<\/p>\n\t<p>&nbsp;<\/p>\n<p><em>(suite 4)<\/em><\/p>\nEn tant qu&rsquo;humain,<br \/>\nTu fus mon parrain\nDans mon c\u0153ur,<br \/>\nJe te sens, maintenant<br \/>\nETRE&#8230;&#8230;mon Magicien Blanc\nMerci d&rsquo;\u00eatre toujours l\u00e0<br \/>\nPour Eternellement guider mes pas\n\t\t\t\t<img decoding=\"async\" src=\"https:\/\/www.marienoelle-jarousseau.com\/fr\/wp-content\/uploads\/2015\/10\/109-Web-HOMMAGE-A-LAMOUR-1-sign.com-crayon-de-bois-sur-parpier-janvier-2004.jpg\" alt=\"HOMMAGE A L'AMOUR - Crayon - 15 x 21\" itemprop=\"image\" height=\"928\" width=\"1146\" title=\"109-Web-HOMMAGE--A--L'AMOUR--1--sign.com-crayon-de-bois-sur-parpier---janvier-2004\" onerror=\"this.style.display='none'\" loading=\"lazy\" \/>\n\t\tHOMMAGE A L&rsquo;AMOUR &#8211; Crayon &#8211; 15 x 21\n\t<p>&nbsp;<\/p>\n<p><em>(suite 5)<\/em><\/p>\nAvec clart\u00e9 d\u00e9sormais<br \/>\nTu vois mon terrestre chemin\nAvec bonheur et douceur<br \/>\nJe prends Ta C\u00e9leste Main\nPour juste,<br \/>\nAvec sinc\u00e9rit\u00e9, fid\u00e9lit\u00e9,<br \/>\nEn toute Libert\u00e9,<br \/>\nAvancer et Rayonner<br \/>\nEn ma propre Destin\u00e9e\n\t<em><br \/>\n(suite 6)<\/em>\nEt voici que monte en Moi<br \/>\nEt &#8230;Me laisse en plein \u00e9moi\u00a0!\n<p>Deux petits mots de rien,<\/p>\nMais,<br \/>\nQui, \u00e0 eux seuls, deviennent&#8230;&#8230;festin\u00a0!\n<p>&nbsp;<\/p>\n<p>Deux petits mots de rien&#8230;.<\/p>\n\t<p><em>(suite 7)<\/em><\/p>\nTe les ai-je dit en tant qu&rsquo;humain<br \/>\nJe n&rsquo;en suis pas certain\u00a0!\n<p>&nbsp;<\/p>\nPourquoi sommes-nous donc<br \/>\nSi peu enclin \u00e0 les prononcer,<br \/>\nAlors qu&rsquo;une fois \u00e9nonc\u00e9s,\n<p>Quelle &#8230;&#8230;.\u00a0\u00a0 F\u00e9licit\u00e9\u00a0!<\/p>\n<p>Deux petits mots de rien&#8230;<\/p>\n\t<p><em>(suite 8)<\/em><\/p>\nOui,<br \/>\nOh\u00a0\u00a0\u00a0\u00a0 OUI !<br \/>\nAujourd&rsquo;hui\u00a0!<br \/>\nJ&rsquo;ai envie de te dire ce sentiment<br \/>\nQu&rsquo;au plus profond de moi<br \/>\nJe ressens&#8230;.\n<p>Deux petits mots&#8230;Divins<\/p>\n<p>Je T&rsquo;aime&#8230;.<\/p>\n<p>MNJ<\/p>\n\t<p>&nbsp;<\/p>\n<p><strong>LE TROU NOIR<\/strong><\/p>\n<p>&nbsp;<\/p>\nTu m&rsquo;attires et m&rsquo;effraies \u00e0 la fois<br \/>\nEt pourtant j&rsquo;ai tr\u00e8s envie d&rsquo;aller voir&#8230;\nQue proposes-tu comme menu<br \/>\nQui ravit mes sens aigus\u00a0?\n&#8230; \u00ab\u00a0<em>Pouah\u00a0! tu ressembles \u00e0 une grosse loche<br \/>\n<\/em><em>Gluante, puante, quelque chose de moche\u00a0! &#8230;\u00a0\u00bb<\/em>\n<p>C&rsquo;est quoi \u00e7a ?<\/p>\n<p>Et pourtant tu m&rsquo;attires&#8230;<\/p>\n<p>&#8230;<em>\u00a0\u00ab il faut \u00eatre barjot pour entrer l\u00e0-dedans\u00a0! \u00bb<\/em><\/p>\n<p><em>\u00a0<\/em>Me crie une voix toute tremblante<\/p>\n<p>&#8230; \u00ab\u00a0<em>tu vas te faire d\u00e9vorer<\/em>\u00a0! &#8230; \u00a0\u00bb<\/p>\n<p>R\u00e9plique une autre terroris\u00e9e<\/p>\n<p>Ou bien\u00a0:<\/p>\n<p>&#8230; \u00ab <em>te d\u00e9lecter<\/em>&#8230;\u00a0\u00bb<\/p>\n<p>Soupire un murmure voil\u00e9<\/p>\n<p>&#8230; \u00ab\u00a0\u00e7a<em> ne va pas\u00a0<\/em>! &#8230;\u00a0\u00bb<\/p>\nR\u00e9pondent en c\u0153ur<br \/>\nLes deux premi\u00e8res<br \/>\nComme des s\u0153urs\n<p>&#8230; \u00ab\u00a0c&rsquo;est insens\u00e9, absurde, n&rsquo;y vas pas\u00a0! &#8230;\u00bb<\/p>\n<p>Vocif\u00e8rent-elles avec fracas<\/p>\n<p>&#8230; \u00ab\u00a0<em>moi, j&rsquo;irais bien<\/em>&#8230;\u00a0\u00bb<\/p>\n<p>Susurre la douceur avec un petit entrain<\/p>\n&#8230; \u00ab\u00a0<em>vas-tu te taire \u00e0 la fin\u00a0!<br \/>\n<\/em><em>Cesses de lui remplir la t\u00eate<br \/>\n<\/em><em>De tas d&rsquo;id\u00e9es farfelues et franchement b\u00eates<br \/>\n<\/em><em>Qui ne l&rsquo;entraineront qu&rsquo;\u00e0 sa perte<br \/>\n<\/em><em>\u00c7a c&rsquo;est s\u00fbr\u00a0! &#8230;\u00a0\u00bb<\/em>\n\t\t\t\t<img decoding=\"async\" src=\"https:\/\/www.marienoelle-jarousseau.com\/fr\/wp-content\/uploads\/2023\/03\/124-LE-TROU-NOIR-nb-sign-web.jpg\" alt=\"Le trou noir\" itemprop=\"image\" height=\"1584\" width=\"1200\" title=\"124---LE-TROU-NOIR--n&amp;b-sign-web\" onerror=\"this.style.display='none'\" loading=\"lazy\" \/>\n\t\tLe trou noir\n\tQue de bagarre en moi<br \/>\nCe projet n&rsquo;entraine-t-il pas\u00a0?\nJuste pour un simple regard anodin<br \/>\nMais n\u00e9anmoins certain<br \/>\nPos\u00e9 sur un petit coin<br \/>\nDe ce beau paysage serein<br \/>\nEt voil\u00e0<br \/>\nTout un tas de personnages<br \/>\nQui surgissent de nulle part<br \/>\nS&#8217;emparent de Ma Vie<br \/>\nEt la diss\u00e8quent en perte et fracas !\n<p>Mais l&rsquo;envie persiste&#8230;<\/p>\nAh cette petite voix&#8230;<br \/>\nElle me ravit<br \/>\nElle calme mon pouls<br \/>\nElle me d\u00e9gouline de partout<br \/>\nEt m&rsquo;envahit&#8230;<br \/>\nElle m&rsquo;enchante de bonheur<br \/>\nEt gagne mon c\u0153ur&#8230;\nM\u00eame s&rsquo;il reste je sens&#8230;<br \/>\nQuelque part un zeste de peur\nQue va-t-il se passer<br \/>\nL\u00e0 entre ces arbres<br \/>\nQui me tendent leurs bras<br \/>\nEt me disent\u00a0:\n&#8230; \u00ab\u00a0<em>viens,<br \/>\n<\/em><em>Nous t&rsquo;accueillons en notre sein<br \/>\n<\/em><em>L\u00e0, tu y seras bien&#8230;<\/em>\u00a0\u00bb\nUn dernier sursaut d&rsquo;angoisse<br \/>\nEssaie de s&rsquo;infiltrer et m&rsquo;attaque<br \/>\nDans un dernier espoir<br \/>\nDe gagner la bataille\nQui va gagner\u00a0?<br \/>\nQui a raison\u00a0?<br \/>\nQu&rsquo;il y a-t-il l\u00e0-dedans\u00a0?\nJe me sens lentement glisser<br \/>\nEntre ces deux espaces<br \/>\nQui m&rsquo;avalent tel un baiser<br \/>\nOu petit \u00e0 petit tout &#8230; S&rsquo;efface&#8230;\n<p>MNJ<\/p>\n\t\t\t\t<img decoding=\"async\" src=\"https:\/\/www.marienoelle-jarousseau.com\/fr\/wp-content\/uploads\/2015\/10\/29-Web-COUCHER-SOLEIL-1-sign.com-NOIR-ET-BLANC-crayon-bois-30-x-39-02-nov-1994--775x1024.jpg\" alt=\"COUCHER SOLEIL NOIR ET BLANC - Crayon -30 x 39\" itemprop=\"image\" height=\"1024\" width=\"775\" title=\"29-Web-COUCHER-SOLEIL-1-sign.com-NOIR-ET-BLANC--crayon-bois--30-x-39--02-nov-1994-\" onerror=\"this.style.display='none'\" loading=\"lazy\" \/>\n\t\tCOUCHER SOLEIL NOIR ET BLANC &#8211; Crayon -30 x 39\n\t\t\t\t<img decoding=\"async\" src=\"https:\/\/www.marienoelle-jarousseau.com\/fr\/wp-content\/uploads\/2023\/03\/127-CORCOUE-SUR-LOIRE-nb-sign-web.jpg\" alt=\"Corcoue sur Loire\" itemprop=\"image\" height=\"1613\" width=\"1200\" title=\"127---CORCOUE-SUR-LOIRE-n&amp;b-sign-web\" onerror=\"this.style.display='none'\" loading=\"lazy\" \/>\n\t\tCorcoue sur Loire\n\t\t\t\t<img decoding=\"async\" src=\"https:\/\/www.marienoelle-jarousseau.com\/fr\/wp-content\/uploads\/2015\/10\/25-MAREE-BASSE-2-sign.com-plume-encre-de-chine-54-x-74-novembre-1994.jpg\" alt=\"MAREE BASSE - Plume &amp; encre de chine - 54 x 74\" itemprop=\"image\" height=\"473\" width=\"647\" title=\"25---MAREE-BASSE-2--sign.com-plume-&amp;-encre-de-chine--54-x-74--novembre-1994\" onerror=\"this.style.display='none'\" loading=\"lazy\" \/>\n\t\tMAREE BASSE &#8211; Plume &amp; encre de chine &#8211; 54 x 74\n\t<blockquote>\n<h5><strong>LE TEMPS\u00a0?<\/strong><\/h5>\n<\/blockquote>\nLe Temps\u00a0?<br \/>\nLe Temps\u00a0!\n<p>Existe-t-IL vraiment\u00a0?<\/p>\nPoint d&rsquo;aiguilles<br \/>\nSur cette horloge<br \/>\nN&rsquo;en marque l&rsquo;\u00e9loge\u00a0!\nImpossible de les y placer<br \/>\nElles semblent s&rsquo;\u00eatre volatilis\u00e9es\nLe Temps\u00a0!<br \/>\nExiste-t-IL vraiment\u00a0?\nOu n&rsquo;est-t-IL qu&rsquo;une illusion<br \/>\nS&rsquo;exprimant pour un temps<br \/>\nDans notre exp\u00e9rience de l&rsquo;Instant\u00a0!\nLe Temps ne semble avoir de Valeur<br \/>\nQue celle que l&rsquo;on veut bien lui accorder\nN&rsquo;est-il pas si long, si lent&#8230;<br \/>\nQue d&rsquo;attendre un bus ind\u00e9finiment\u00a0!\nN&rsquo;est-IL pas si pressant, si fuyant<br \/>\nLors d&rsquo;une course effr\u00e9n\u00e9e<br \/>\nA vouloir achever tant de t\u00e2ches programm\u00e9es\nEt pourtant IL semble \u00e9ternellement Pr\u00e9sent<br \/>\nPuisque nous naviguons sans cesse dedans\u00a0!\nLe Temps n&rsquo;est-IL qu&rsquo;un mot<br \/>\nQue l&rsquo;Homme utilise maladroitement<br \/>\nSimplement pour d\u00e9signer son Instant Pr\u00e9sent\u00a0?\nCar au fond<br \/>\nQue reste-t-il de tous ces espace-temps<br \/>\nSinon celui qui est l\u00e0\n<p>Dans l&rsquo;Instant<\/p>\nQue vivons-nous vraiment\u00a0?<br \/>\nQue vibrons-nous \u00e9ternellement\u00a0?\n<p>Sinon<\/p>\n<p>Seulement&#8230;&#8230; l&rsquo;Instant Pr\u00e9sent\u00a0!<\/p>\n<p>MNJ<\/p>\n\t\t\t\t<img decoding=\"async\" src=\"https:\/\/www.marienoelle-jarousseau.com\/fr\/wp-content\/uploads\/2023\/03\/111-LE-TEMPS-D-UNE-DEGUSTATION-sign-web.jpg\" alt=\"Le temps d'une d\u00e9gustation...\" itemprop=\"image\" height=\"2062\" width=\"1358\" title=\"111-LE-TEMPS-D-UNE DEGUSTATION-sign-web\" onerror=\"this.style.display='none'\" loading=\"lazy\" \/>\n\t\tLe temps d&rsquo;une d\u00e9gustation&#8230;\n<h3>\n\t\t\tAutres Vibrations\t<\/h3>\n\t<p><em>Quelques Oeuvres ayant trouv\u00e9 leur destinataires&#8230;s&rsquo;envolent vers d&rsquo;autres horizons&#8230;<\/em><\/p>\n\t\t\t\t<img decoding=\"async\" src=\"http:\/\/www.marienoelle-jarousseau.com\/fr\/wp-content\/uploads\/2017\/03\/27-HOMME-AU-PIED-1-Web-crayon-bois-32-x-38-06-nov-1994-.jpg\" alt=\"L'Homme au pied\" itemprop=\"image\" title=\"27-HOMME-AU-PIED-1-Web-crayon-bois--32-x-38--06-nov-1994-\" onerror=\"this.style.display='none'\" loading=\"lazy\" \/>\n\t\tL&rsquo;Homme au pied\n\t<blockquote>\n<p><strong>LA\u00a0\u00a0 TABLE<\/strong><\/p>\n<\/blockquote>\n<p>&nbsp;<\/p>\n<p>Breuvage<\/p>\n<p>Nourriture<\/p>\n<p>Connaissance<\/p>\n<p>Trois \u00e9l\u00e9ments d&rsquo;une&#8230; re-naissance<\/p>\n<p>Mais\u00a0\u00a0 le&#8230;&#8230;<strong>S\u00a0?<\/strong><\/p>\n<p><strong>\u00a0<\/strong><\/p>\n<p>Science\u00a0?<\/p>\n<p>Savoir\u00a0?<\/p>\n<p>Sagesse\u00a0?<\/p>\n<p>De quelle nature<\/p>\n<p>Sera&#8230;&#8230;TA\u00a0\u00a0\u00a0 richesse\u00a0?<\/p>\n<p>&nbsp;<\/p>\n<p>MNJ<\/p>\n\t\t\t\t<img decoding=\"async\" src=\"https:\/\/www.marienoelle-jarousseau.com\/fr\/wp-content\/uploads\/2023\/03\/63c-NAISSANCE-DUNE-PERLE-crayon-bois-et-aquarelle-35x45-dec-1998-sign-web.jpg\" alt=\"naissance d'une perle\" itemprop=\"image\" height=\"719\" width=\"904\" title=\"63c-NAISSANCE D'UNE PERLE-crayon-bois-et-aquarelle-35x45-de\u0301c-1998-sign-web\" onerror=\"this.style.display='none'\" loading=\"lazy\" \/>\n\t\tnaissance d&rsquo;une perle\n\t<blockquote>\n<p><strong>HIRONDELLE &amp; <\/strong><strong>COQUELICOT<\/strong><\/p>\n<\/blockquote>\nSi j&rsquo;\u00e9tais une fleur<br \/>\nJe serais coquelicot\nSi j&rsquo;\u00e9tais un animal<br \/>\nJe serais hirondelle\n<p>Disait mon amie<\/p>\nCette page est n\u00e9e<br \/>\nDe notre Amiti\u00e9\nOiseau aux ailes graciles<br \/>\nPorte dans ton bec<br \/>\nCette fleur aux p\u00e9tales fragiles\nDe quelque c\u00f4t\u00e9 que je te regarde<br \/>\nTa gr\u00e2ce et ta l\u00e9g\u00e8ret\u00e9<br \/>\nLaisse mon c\u0153ur<br \/>\nBaign\u00e9 de volupt\u00e9<br \/>\nLaisse mon \u00e2me<br \/>\nInond\u00e9e de s\u00e9r\u00e9nit\u00e9\nMessag\u00e8re de printemps<br \/>\nVole port\u00e9e par l&rsquo;air caressant<br \/>\nFrissonne sous la brise chantante\nPetite fleur des champs<br \/>\nRayonne de tes p\u00e9tales flamboyantes<br \/>\nSous le soleil au fil de mes ans\n<p>Merci d&rsquo;\u00eatre l\u00e0\u00a0!<\/p>\n<p>MNJ<\/p>\n\t\t\t\t<img decoding=\"async\" src=\"https:\/\/www.marienoelle-jarousseau.com\/fr\/wp-content\/uploads\/2023\/03\/21-SPHINX-crayon-bois-32-x38-06-oct-1994-sign-web.jpg\" alt=\"sphinx\" itemprop=\"image\" height=\"501\" width=\"584\" title=\"21-SPHINX-crayon-bois-32 x38-06-oct-1994-sign-web\" onerror=\"this.style.display='none'\" loading=\"lazy\" \/>\n\t\tsphinx\n\t\t\t\t<img decoding=\"async\" src=\"https:\/\/www.marienoelle-jarousseau.com\/fr\/wp-content\/uploads\/2023\/03\/129b-becassine-moyen-sign-web-212x300.jpg\" alt=\"b\u00e9cassine\" itemprop=\"image\" height=\"300\" width=\"212\" title=\"129b -be\u0301cassine-moyen-sign-web\" onerror=\"this.style.display='none'\" loading=\"lazy\" \/>\n\t\tb\u00e9cassine\n\t\t\t\t<img decoding=\"async\" src=\"http:\/\/www.marienoelle-jarousseau.com\/fr\/wp-content\/uploads\/2015\/10\/47-PENSEUR-DE-RODIN-web-pointille\u0301s-en-rotring-43-x-53-avril-1995-juin-2002.jpg\" alt=\"Penseur de Rodin\" itemprop=\"image\" title=\"47-PENSEUR-DE-RODIN-web-pointille\u0301s-en-rotring--43-x-53--avril-1995-&amp;-juin-2002\" onerror=\"this.style.display='none'\" loading=\"lazy\" \/>\n\t\tPenseur de Rodin\n\t\t\t\t<img decoding=\"async\" src=\"https:\/\/www.marienoelle-jarousseau.com\/fr\/wp-content\/uploads\/2023\/03\/6-LA-TABLE-crayon-de-bois-aquarelle-445x46-fev-1992-sign-web.jpg\" alt=\"la table\n\" itemprop=\"image\" height=\"762\" width=\"798\" title=\"6-LA-TABLE-crayon-de-bois-&amp;-aquarelle-44,5x46, -fe\u0301v-1992-sign-web\" onerror=\"this.style.display='none'\" loading=\"lazy\" \/>\n\t<blockquote>\n<p><strong>NAISSANCE \u00a0D&rsquo;UNE PERLE<\/strong><\/p>\n<\/blockquote>\nAu fond des Oc\u00e9ans<br \/>\nJe dormais tranquillement<br \/>\nMon hu\u00eetre-m\u00e8re<br \/>\nFut pour moi \u00e9ph\u00e9m\u00e8re<br \/>\n\nLe temps d&rsquo;une naissance<br \/>\nEt je vais briller de mon Essence<br \/>\nC&rsquo;est l&rsquo;heure d&rsquo;\u00e9merger<br \/>\nDe ce doux sein dor\u00e9\nL&rsquo;hu\u00eetre-m\u00e8re s&rsquo;ouvre&#8230;<br \/>\nEt je d\u00e9couvre&#8230;&#8230;&#8230;\nSon Amour d&rsquo;Eternit\u00e9<br \/>\nM&rsquo;a faite Immacul\u00e9e<br \/>\nEn Moi,<br \/>\nAutour de Moi,<br \/>\nS&rsquo;\u00e9tend une mer de potentialit\u00e9s<br \/>\nD&rsquo;o\u00f9 \u00e9manent effluves orang\u00e9s\nEnergie salvatrice<br \/>\nM&rsquo;incitant \u00e0 partir<br \/>\nA quitter ce nid<br \/>\nDevenu trop petit\nJe regarde&#8230;<br \/>\nJe ressens&#8230;.\n<p>Qu&rsquo;y suis-je vraiment\u00a0?<\/p>\nS\u00e9par\u00e9e d&rsquo;elle<br \/>\nJe d\u00e9ploie mes ailes\nA moi, maintenant<br \/>\nDe me d\u00e9couvrir<br \/>\nDans l&rsquo;Instant\n<p>Merci maman<\/p>\n<p>MNJ<\/p>\n\n\t\t\t\t<img decoding=\"async\" src=\"https:\/\/www.marienoelle-jarousseau.com\/fr\/wp-content\/uploads\/2023\/03\/61-HIRONDELLE-COQUELICOT-crayon-de-bois-20x30-sept-1997-sign-web.jpg\" alt=\"hirondelle &amp; coquelicot\" itemprop=\"image\" height=\"539\" width=\"790\" title=\"61-HIRONDELLE-&amp;-COQUELICOT-crayon-de-bois-20x30-sept-1997-sign-web\" onerror=\"this.style.display='none'\" loading=\"lazy\" \/>\n\t\thirondelle &amp; coquelicot\n\t\t\t\t<img decoding=\"async\" src=\"https:\/\/www.marienoelle-jarousseau.com\/fr\/wp-content\/uploads\/2023\/03\/15-APHRODITE-pointilles-en-rotring-41x55-juin-1993-juillet-2002-sign-web.jpg\" alt=\"aphrodite\" itemprop=\"image\" height=\"591\" width=\"440\" title=\"15-APHRODITE-pointille\u0301s-en-rotring-41x55-juin-1993-&amp;-juillet-2002-sign-web\" onerror=\"this.style.display='none'\" loading=\"lazy\" \/>\n\t\taphrodite\n\t<blockquote><p>COUCOU<\/p><\/blockquote>\n<p>Je m&rsquo;appelle B\u00e9cassine<\/p>\n<p>et je suis au chaud en d\u00e9co<\/p>\n<p>sur un fond d&rsquo;horloge<\/p>\n<p>dans une belle cuisine<\/p>\n\t<h3>Et Zou&#8230; par ici les mariages &#8230;&#8230;<\/h3>\n\t\t\t\t<img decoding=\"async\" src=\"https:\/\/www.marienoelle-jarousseau.com\/fr\/wp-content\/uploads\/2017\/03\/78-Faire-part-anneau-web1.jpg\" alt=\"Faire-part de mariage So\" itemprop=\"image\" height=\"766\" width=\"1200\" title=\"78-Faire-part-anneau-web\" onerror=\"this.style.display='none'\" loading=\"lazy\" \/>\n\t\tFaire-part de mariage So\n\t\t\t\t<img decoding=\"async\" src=\"https:\/\/www.marienoelle-jarousseau.com\/fr\/wp-content\/uploads\/2017\/03\/110-Faire-part-moto11.jpg\" alt=\"Farie-part de mariage Pierre\" itemprop=\"image\" height=\"397\" width=\"397\" title=\"110 - Faire-part moto1\" onerror=\"this.style.display='none'\" loading=\"lazy\" \/>\n\t\tFarie-part de mariage Pierre\n\t\t\t\t<img decoding=\"async\" src=\"https:\/\/www.marienoelle-jarousseau.com\/fr\/wp-content\/uploads\/2023\/03\/134a-Faire-part-Rossel-ils-convolent-sign-web-crayon-146x21-aout-2005.jpg\" alt=\"ils convolent\" itemprop=\"image\" height=\"919\" width=\"983\" title=\"134a - Faire-part Rossel-ils convolent-sign-web-crayon-14,6x21-aout-2005\" onerror=\"this.style.display='none'\" loading=\"lazy\" \/>\n\t\tils convolent\n\t\t\t\t<img decoding=\"async\" src=\"https:\/\/www.marienoelle-jarousseau.com\/fr\/wp-content\/uploads\/2023\/03\/134c-Faire-part-Rossel-ils-convolent-ils-s-envolent-sign-web.jpg\" alt=\"ils convolent &amp; s'envolent\" itemprop=\"image\" height=\"709\" width=\"446\" title=\"134c - Faire-part Rossel-ils convolent-&amp;-ils s-envolent-sign-web\" onerror=\"this.style.display='none'\" loading=\"lazy\" \/>\n\t\tils convolent &amp; s&rsquo;envolent\n\t\t\t\t<img decoding=\"async\" src=\"https:\/\/www.marienoelle-jarousseau.com\/fr\/wp-content\/uploads\/2023\/03\/134b-Faire-part-Rossel-ils-senvolent-crayon-146x21-aout-2005-sign-web.jpg\" alt=\"ils s'envolent\" itemprop=\"image\" height=\"713\" width=\"766\" title=\"134b-Faire-part-Rossel-ils s'envolent crayon-14,6x21 aout-2005-sign-web\" onerror=\"this.style.display='none'\" loading=\"lazy\" \/>\n\t\tils s&rsquo;envolent\n\t<p>Faire-part de Mariage R&#8230;&#8230;&#8230;.<\/p>\n\t<p>Je vous pr\u00e9sente ici mes toutes premi\u00e8res oeuvres&#8230; Elles semblent aujourd&rsquo;hui d\u00e9su\u00e8tes mais rien ne l&rsquo;est dans l&rsquo;Univers, juste un d\u00e9but d&rsquo;une grande avanc\u00e9e.<\/p>\nGr\u00e2ce \u00e0 une immobilisation de plusieurs mois, j&rsquo;ai cherch\u00e9 ce que je pourrais bien faire&#8230;<br \/>\nM&rsquo;est\u00a0 remont\u00e9 mon enfance ou quand, je me retrouvais seule, ma pure envie, mon pur d\u00e9lice \u00e9tait de&#8230;&#8230; <em>dessiner&#8230;<\/em>\n<p>Je me souvins alors combien \u00e7\u00e0 m&rsquo;apportait de bonheur de calme et de s\u00e9r\u00e9nit\u00e9 ou tout ce qui pouvait se passer autour de moi \u00e9tait juste effac\u00e9<\/p>\nAlors j&rsquo;ai demand\u00e9 du papier et des crayons et j&rsquo;ai commenc\u00e9&#8230;<br \/>\nEt \u00e7\u00e0 ne s&rsquo;est jamais arr\u00eat\u00e9\n<p>&nbsp;<\/p>\n\t\t\t\t<img decoding=\"async\" src=\"https:\/\/www.marienoelle-jarousseau.com\/fr\/wp-content\/uploads\/2025\/11\/D-3-bouquet-familial.jpg\" alt=\"Bouquet familial\" itemprop=\"image\" height=\"314\" width=\"400\" title=\"D 3-bouquet-familial\" onerror=\"this.style.display='none'\" loading=\"lazy\" \/>\n\t\tBouquet familial\n\t\t\t\t<img decoding=\"async\" src=\"https:\/\/www.marienoelle-jarousseau.com\/fr\/wp-content\/uploads\/2025\/11\/2-OEILLETS-crayon-de-bois-sur-papier-37-x-47-juin-1989.jpg\" alt=\"Oeillets\" itemprop=\"image\" height=\"1113\" width=\"945\" title=\"2 - OEILLETS -crayon de bois sur papier -37 x 47 -juin 1989\" onerror=\"this.style.display='none'\" loading=\"lazy\" \/>\n\t\tOeillets\n\t\t\t\t<img decoding=\"async\" src=\"https:\/\/www.marienoelle-jarousseau.com\/fr\/wp-content\/uploads\/2025\/11\/1-ANEMONES-crayon-de-bois-et-feutre-44-x-54-mai-1989.jpg\" alt=\"An\u00e9mones\" itemprop=\"image\" height=\"555\" width=\"486\" title=\"1 - ANEMONES -crayon de bois et feutre- 44 x 54 -mai 1989\" onerror=\"this.style.display='none'\" loading=\"lazy\" \/>\n\t\tAn\u00e9mones\n\t\t\t<a href=\"http:\/\/www.marienoelle-jarousseau.com\/fr\/galeries\/\" target=\"_self\">\n\t\t\t\t\t\tretour aux galeries\n\t\t\t\t\t<\/a>\n\n","protected":false},"excerpt":{"rendered":"<p>Voyage dans \u00a0\u00a0\u00bb La Mati\u00e8re&#8230;\u00a0\u00bb Dessins \u00a0Fixes Toute Cr\u00e9ation, si petite soit-elle, si vari\u00e9e soit-elle est Une Emergence de l&rsquo;Infini Tout Est Beaut\u00e9 en Soi &nbsp; auto-portrait : l&rsquo;Oeil observateur &#8211; pastel LA MAIN TRANQUILLE &#8211; Crayon &#8211; 30,5 x 42,5 LA MAIN S&rsquo;EVEILLE -Crayon &#8211; 30,5 x 42,5 LA MAIN ECHANGE -Crayon &#8211; 30,5&hellip;<\/p>\n","protected":false},"author":3,"featured_media":0,"parent":18,"menu_order":5,"comment_status":"closed","ping_status":"closed","template":"","meta":{"footnotes":""},"class_list":["post-131","page","type-page","status-publish","hentry"],"yoast_head":"<!-- This site is optimized with the Yoast SEO plugin v27.4 - https:\/\/yoast.com\/product\/yoast-seo-wordpress\/ -->\n<title>Dessins fixes - Marie-No\u00eblle Jarousseau - Artiste<\/title>\n<meta name=\"robots\" content=\"index, follow, max-snippet:-1, max-image-preview:large, max-video-preview:-1\" \/>\n<link rel=\"canonical\" href=\"https:\/\/www.marienoelle-jarousseau.com\/fr\/galeries\/dessins-fixes\/\" \/>\n<meta property=\"og:locale\" content=\"fr_FR\" \/>\n<meta property=\"og:type\" content=\"article\" \/>\n<meta property=\"og:title\" content=\"Dessins fixes - Marie-No\u00eblle Jarousseau - Artiste\" \/>\n<meta property=\"og:description\" content=\"Voyage dans \u00a0\u00a0\u00bb La Mati\u00e8re&#8230;\u00a0\u00bb Dessins \u00a0Fixes Toute Cr\u00e9ation, si petite soit-elle, si vari\u00e9e soit-elle est Une Emergence de l&rsquo;Infini Tout Est Beaut\u00e9 en Soi &nbsp; auto-portrait : l&rsquo;Oeil observateur &#8211; pastel LA MAIN TRANQUILLE &#8211; Crayon &#8211; 30,5 x 42,5 LA MAIN S&rsquo;EVEILLE -Crayon &#8211; 30,5 x 42,5 LA MAIN ECHANGE -Crayon &#8211; 30,5&hellip;\" \/>\n<meta property=\"og:url\" content=\"https:\/\/www.marienoelle-jarousseau.com\/fr\/galeries\/dessins-fixes\/\" \/>\n<meta property=\"og:site_name\" content=\"Marie-No\u00eblle Jarousseau - Artiste\" \/>\n<meta property=\"article:modified_time\" content=\"2025-11-07T08:32:09+00:00\" \/>\n<meta property=\"og:image\" content=\"https:\/\/www.marienoelle-jarousseau.com\/fr\/wp-content\/uploads\/2023\/03\/229-loeil-observateur-sign-web.jpg\" \/>\n<meta name=\"twitter:card\" content=\"summary_large_image\" \/>\n<meta name=\"twitter:label1\" content=\"Dur\u00e9e de lecture estim\u00e9e\" \/>\n\t<meta name=\"twitter:data1\" content=\"9 minutes\" \/>\n<script type=\"application\/ld+json\" class=\"yoast-schema-graph\">{\"@context\":\"https:\\\/\\\/schema.org\",\"@graph\":[{\"@type\":\"WebPage\",\"@id\":\"https:\\\/\\\/www.marienoelle-jarousseau.com\\\/fr\\\/galeries\\\/dessins-fixes\\\/\",\"url\":\"https:\\\/\\\/www.marienoelle-jarousseau.com\\\/fr\\\/galeries\\\/dessins-fixes\\\/\",\"name\":\"Dessins fixes - Marie-No\u00eblle Jarousseau - Artiste\",\"isPartOf\":{\"@id\":\"https:\\\/\\\/www.marienoelle-jarousseau.com\\\/fr\\\/#website\"},\"primaryImageOfPage\":{\"@id\":\"https:\\\/\\\/www.marienoelle-jarousseau.com\\\/fr\\\/galeries\\\/dessins-fixes\\\/#primaryimage\"},\"image\":{\"@id\":\"https:\\\/\\\/www.marienoelle-jarousseau.com\\\/fr\\\/galeries\\\/dessins-fixes\\\/#primaryimage\"},\"thumbnailUrl\":\"https:\\\/\\\/www.marienoelle-jarousseau.com\\\/fr\\\/wp-content\\\/uploads\\\/2023\\\/03\\\/229-loeil-observateur-sign-web.jpg\",\"datePublished\":\"2015-10-01T17:44:42+00:00\",\"dateModified\":\"2025-11-07T08:32:09+00:00\",\"breadcrumb\":{\"@id\":\"https:\\\/\\\/www.marienoelle-jarousseau.com\\\/fr\\\/galeries\\\/dessins-fixes\\\/#breadcrumb\"},\"inLanguage\":\"fr-FR\",\"potentialAction\":[{\"@type\":\"ReadAction\",\"target\":[\"https:\\\/\\\/www.marienoelle-jarousseau.com\\\/fr\\\/galeries\\\/dessins-fixes\\\/\"]}]},{\"@type\":\"ImageObject\",\"inLanguage\":\"fr-FR\",\"@id\":\"https:\\\/\\\/www.marienoelle-jarousseau.com\\\/fr\\\/galeries\\\/dessins-fixes\\\/#primaryimage\",\"url\":\"https:\\\/\\\/www.marienoelle-jarousseau.com\\\/fr\\\/wp-content\\\/uploads\\\/2023\\\/03\\\/229-loeil-observateur-sign-web.jpg\",\"contentUrl\":\"https:\\\/\\\/www.marienoelle-jarousseau.com\\\/fr\\\/wp-content\\\/uploads\\\/2023\\\/03\\\/229-loeil-observateur-sign-web.jpg\",\"width\":1200,\"height\":1646,\"caption\":\"auto-portrait : l'Oeil observateur - pastel\"},{\"@type\":\"BreadcrumbList\",\"@id\":\"https:\\\/\\\/www.marienoelle-jarousseau.com\\\/fr\\\/galeries\\\/dessins-fixes\\\/#breadcrumb\",\"itemListElement\":[{\"@type\":\"ListItem\",\"position\":1,\"name\":\"Accueil\",\"item\":\"https:\\\/\\\/www.marienoelle-jarousseau.com\\\/fr\\\/\"},{\"@type\":\"ListItem\",\"position\":2,\"name\":\"GALERIES\",\"item\":\"https:\\\/\\\/www.marienoelle-jarousseau.com\\\/fr\\\/galeries\\\/\"},{\"@type\":\"ListItem\",\"position\":3,\"name\":\"Dessins fixes\"}]},{\"@type\":\"WebSite\",\"@id\":\"https:\\\/\\\/www.marienoelle-jarousseau.com\\\/fr\\\/#website\",\"url\":\"https:\\\/\\\/www.marienoelle-jarousseau.com\\\/fr\\\/\",\"name\":\"Marie-No\u00eblle Jarousseau - Artiste\",\"description\":\"\",\"potentialAction\":[{\"@type\":\"SearchAction\",\"target\":{\"@type\":\"EntryPoint\",\"urlTemplate\":\"https:\\\/\\\/www.marienoelle-jarousseau.com\\\/fr\\\/?s={search_term_string}\"},\"query-input\":{\"@type\":\"PropertyValueSpecification\",\"valueRequired\":true,\"valueName\":\"search_term_string\"}}],\"inLanguage\":\"fr-FR\"}]}<\/script>\n<!-- \/ Yoast SEO plugin. -->","yoast_head_json":{"title":"Dessins fixes - Marie-No\u00eblle Jarousseau - Artiste","robots":{"index":"index","follow":"follow","max-snippet":"max-snippet:-1","max-image-preview":"max-image-preview:large","max-video-preview":"max-video-preview:-1"},"canonical":"https:\/\/www.marienoelle-jarousseau.com\/fr\/galeries\/dessins-fixes\/","og_locale":"fr_FR","og_type":"article","og_title":"Dessins fixes - Marie-No\u00eblle Jarousseau - Artiste","og_description":"Voyage dans \u00a0\u00a0\u00bb La Mati\u00e8re&#8230;\u00a0\u00bb Dessins \u00a0Fixes Toute Cr\u00e9ation, si petite soit-elle, si vari\u00e9e soit-elle est Une Emergence de l&rsquo;Infini Tout Est Beaut\u00e9 en Soi &nbsp; auto-portrait : l&rsquo;Oeil observateur &#8211; pastel LA MAIN TRANQUILLE &#8211; Crayon &#8211; 30,5 x 42,5 LA MAIN S&rsquo;EVEILLE -Crayon &#8211; 30,5 x 42,5 LA MAIN ECHANGE -Crayon &#8211; 30,5&hellip;","og_url":"https:\/\/www.marienoelle-jarousseau.com\/fr\/galeries\/dessins-fixes\/","og_site_name":"Marie-No\u00eblle Jarousseau - Artiste","article_modified_time":"2025-11-07T08:32:09+00:00","og_image":[{"url":"https:\/\/www.marienoelle-jarousseau.com\/fr\/wp-content\/uploads\/2023\/03\/229-loeil-observateur-sign-web.jpg","type":"","width":"","height":""}],"twitter_card":"summary_large_image","twitter_misc":{"Dur\u00e9e de lecture estim\u00e9e":"9 minutes"},"schema":{"@context":"https:\/\/schema.org","@graph":[{"@type":"WebPage","@id":"https:\/\/www.marienoelle-jarousseau.com\/fr\/galeries\/dessins-fixes\/","url":"https:\/\/www.marienoelle-jarousseau.com\/fr\/galeries\/dessins-fixes\/","name":"Dessins fixes - Marie-No\u00eblle Jarousseau - Artiste","isPartOf":{"@id":"https:\/\/www.marienoelle-jarousseau.com\/fr\/#website"},"primaryImageOfPage":{"@id":"https:\/\/www.marienoelle-jarousseau.com\/fr\/galeries\/dessins-fixes\/#primaryimage"},"image":{"@id":"https:\/\/www.marienoelle-jarousseau.com\/fr\/galeries\/dessins-fixes\/#primaryimage"},"thumbnailUrl":"https:\/\/www.marienoelle-jarousseau.com\/fr\/wp-content\/uploads\/2023\/03\/229-loeil-observateur-sign-web.jpg","datePublished":"2015-10-01T17:44:42+00:00","dateModified":"2025-11-07T08:32:09+00:00","breadcrumb":{"@id":"https:\/\/www.marienoelle-jarousseau.com\/fr\/galeries\/dessins-fixes\/#breadcrumb"},"inLanguage":"fr-FR","potentialAction":[{"@type":"ReadAction","target":["https:\/\/www.marienoelle-jarousseau.com\/fr\/galeries\/dessins-fixes\/"]}]},{"@type":"ImageObject","inLanguage":"fr-FR","@id":"https:\/\/www.marienoelle-jarousseau.com\/fr\/galeries\/dessins-fixes\/#primaryimage","url":"https:\/\/www.marienoelle-jarousseau.com\/fr\/wp-content\/uploads\/2023\/03\/229-loeil-observateur-sign-web.jpg","contentUrl":"https:\/\/www.marienoelle-jarousseau.com\/fr\/wp-content\/uploads\/2023\/03\/229-loeil-observateur-sign-web.jpg","width":1200,"height":1646,"caption":"auto-portrait : l'Oeil observateur - pastel"},{"@type":"BreadcrumbList","@id":"https:\/\/www.marienoelle-jarousseau.com\/fr\/galeries\/dessins-fixes\/#breadcrumb","itemListElement":[{"@type":"ListItem","position":1,"name":"Accueil","item":"https:\/\/www.marienoelle-jarousseau.com\/fr\/"},{"@type":"ListItem","position":2,"name":"GALERIES","item":"https:\/\/www.marienoelle-jarousseau.com\/fr\/galeries\/"},{"@type":"ListItem","position":3,"name":"Dessins fixes"}]},{"@type":"WebSite","@id":"https:\/\/www.marienoelle-jarousseau.com\/fr\/#website","url":"https:\/\/www.marienoelle-jarousseau.com\/fr\/","name":"Marie-No\u00eblle Jarousseau - Artiste","description":"","potentialAction":[{"@type":"SearchAction","target":{"@type":"EntryPoint","urlTemplate":"https:\/\/www.marienoelle-jarousseau.com\/fr\/?s={search_term_string}"},"query-input":{"@type":"PropertyValueSpecification","valueRequired":true,"valueName":"search_term_string"}}],"inLanguage":"fr-FR"}]}},"_links":{"self":[{"href":"https:\/\/www.marienoelle-jarousseau.com\/fr\/wp-json\/wp\/v2\/pages\/131","targetHints":{"allow":["GET"]}}],"collection":[{"href":"https:\/\/www.marienoelle-jarousseau.com\/fr\/wp-json\/wp\/v2\/pages"}],"about":[{"href":"https:\/\/www.marienoelle-jarousseau.com\/fr\/wp-json\/wp\/v2\/types\/page"}],"author":[{"embeddable":true,"href":"https:\/\/www.marienoelle-jarousseau.com\/fr\/wp-json\/wp\/v2\/users\/3"}],"replies":[{"embeddable":true,"href":"https:\/\/www.marienoelle-jarousseau.com\/fr\/wp-json\/wp\/v2\/comments?post=131"}],"version-history":[{"count":3,"href":"https:\/\/www.marienoelle-jarousseau.com\/fr\/wp-json\/wp\/v2\/pages\/131\/revisions"}],"predecessor-version":[{"id":4139,"href":"https:\/\/www.marienoelle-jarousseau.com\/fr\/wp-json\/wp\/v2\/pages\/131\/revisions\/4139"}],"up":[{"embeddable":true,"href":"https:\/\/www.marienoelle-jarousseau.com\/fr\/wp-json\/wp\/v2\/pages\/18"}],"wp:attachment":[{"href":"https:\/\/www.marienoelle-jarousseau.com\/fr\/wp-json\/wp\/v2\/media?parent=131"}],"curies":[{"name":"wp","href":"https:\/\/api.w.org\/{rel}","templated":true}]}}